{"id":2036,"date":"2021-07-01T13:37:27","date_gmt":"2021-07-01T13:37:27","guid":{"rendered":"https:\/\/k91y7tbwrjk.preview.infomaniak.website\/?page_id=2036"},"modified":"2026-03-16T09:41:49","modified_gmt":"2026-03-16T08:41:49","slug":"qui-sommes-nous","status":"publish","type":"page","link":"https:\/\/rendezvous-vda.it\/fr\/qui-sommes-nous\/","title":{"rendered":"Qui sommes-nous"},"content":{"rendered":"\t\t<div data-elementor-type=\"wp-page\" data-elementor-id=\"2036\" class=\"elementor elementor-2036 elementor-20\" data-elementor-post-type=\"page\">\n\t\t\t\t\t\t<section class=\"elementor-section elementor-top-section elementor-element elementor-element-1df4d0f elementor-section-height-min-height elementor-section-items-stretch elementor-section-boxed elementor-section-height-default\" data-id=\"1df4d0f\" data-element_type=\"section\" data-e-type=\"section\">\n\t\t\t\t\t\t<div class=\"elementor-container elementor-column-gap-default\">\n\t\t\t\t\t<div class=\"elementor-column elementor-col-100 elementor-top-column elementor-element elementor-element-38b30f5\" data-id=\"38b30f5\" data-element_type=\"column\" data-e-type=\"column\" data-settings=\"{&quot;background_background&quot;:&quot;classic&quot;}\">\n\t\t\t<div class=\"elementor-widget-wrap\">\n\t\t\t\t\t\t\t<\/div>\n\t\t<\/div>\n\t\t\t\t\t<\/div>\n\t\t<\/section>\n\t\t\t\t<section class=\"elementor-section elementor-top-section elementor-element elementor-element-19f37dc elementor-section-boxed elementor-section-height-default elementor-section-height-default\" data-id=\"19f37dc\" data-element_type=\"section\" data-e-type=\"section\">\n\t\t\t\t\t\t<div class=\"elementor-container elementor-column-gap-default\">\n\t\t\t\t\t<div class=\"elementor-column elementor-col-50 elementor-top-column elementor-element elementor-element-946d948\" data-id=\"946d948\" data-element_type=\"column\" data-e-type=\"column\">\n\t\t\t<div class=\"elementor-widget-wrap elementor-element-populated\">\n\t\t\t\t\t\t<div class=\"elementor-element elementor-element-5731f9d elementor-widget elementor-widget-heading\" data-id=\"5731f9d\" data-element_type=\"widget\" data-e-type=\"widget\" data-widget_type=\"heading.default\">\n\t\t\t\t<div class=\"elementor-widget-container\">\n\t\t\t\t\t<h2 class=\"elementor-heading-title elementor-size-default\">LA R\u00c9DACTION<\/h2>\t\t\t\t<\/div>\n\t\t\t\t<\/div>\n\t\t\t\t\t<\/div>\n\t\t<\/div>\n\t\t\t\t<div class=\"elementor-column elementor-col-50 elementor-top-column elementor-element elementor-element-fff04c5\" data-id=\"fff04c5\" data-element_type=\"column\" data-e-type=\"column\">\n\t\t\t<div class=\"elementor-widget-wrap elementor-element-populated\">\n\t\t\t\t\t\t<div class=\"elementor-element elementor-element-7d03d87 elementor-author-box--layout-image-left elementor-author-box--image-valign-top elementor-widget elementor-widget-author-box\" data-id=\"7d03d87\" data-element_type=\"widget\" data-e-type=\"widget\" data-widget_type=\"author-box.default\">\n\t\t\t\t<div class=\"elementor-widget-container\">\n\t\t\t\t\t\t\t<div class=\"elementor-author-box\">\n\t\t\t\t\t\t\t<div  class=\"elementor-author-box__avatar\">\n\t\t\t\t\t<img decoding=\"async\" src=\"https:\/\/rendezvous-vda.it\/wp-content\/uploads\/2021\/06\/1593551687396-300x300.jpg\" alt=\"Image de Stefania Marchiano\" loading=\"lazy\">\n\t\t\t\t<\/div>\n\t\t\t\n\t\t\t<div class=\"elementor-author-box__text\">\n\t\t\t\t\t\t\t\t\t<div >\n\t\t\t\t\t\t<h4 class=\"elementor-author-box__name\">\n\t\t\t\t\t\t\tStefania Marchiano\t\t\t\t\t\t<\/h4>\n\t\t\t\t\t<\/div>\n\t\t\t\t\n\t\t\t\t\t\t\t\t\t<div class=\"elementor-author-box__bio\">\n\t\t\t\t\t\t<p>Journaliste, directrice de la publication<\/p>\n\t\t\t\t\t<\/div>\n\t\t\t\t\n\t\t\t\t\t\t\t<\/div>\n\t\t<\/div>\n\t\t\t\t\t\t<\/div>\n\t\t\t\t<\/div>\n\t\t\t\t<div class=\"elementor-element elementor-element-5268907 elementor-author-box--layout-image-left elementor-author-box--image-valign-top elementor-widget elementor-widget-author-box\" data-id=\"5268907\" data-element_type=\"widget\" data-e-type=\"widget\" data-widget_type=\"author-box.default\">\n\t\t\t\t<div class=\"elementor-widget-container\">\n\t\t\t\t\t\t\t<div class=\"elementor-author-box\">\n\t\t\t\t\t\t\t<div  class=\"elementor-author-box__avatar\">\n\t\t\t\t\t<img decoding=\"async\" src=\"https:\/\/rendezvous-vda.it\/wp-content\/uploads\/2021\/06\/4D46898F-CBF8-4D1A-AEBB-C5C684BAA533-300x300.jpg\" alt=\"Image de Christel Tillier\" loading=\"lazy\">\n\t\t\t\t<\/div>\n\t\t\t\n\t\t\t<div class=\"elementor-author-box__text\">\n\t\t\t\t\t\t\t\t\t<div >\n\t\t\t\t\t\t<h4 class=\"elementor-author-box__name\">\n\t\t\t\t\t\t\tChristel Tillier\t\t\t\t\t\t<\/h4>\n\t\t\t\t\t<\/div>\n\t\t\t\t\n\t\t\t\t\t\t\t\t\t<div class=\"elementor-author-box__bio\">\n\t\t\t\t\t\t<p>Journaliste et arch\u00e9ologue<\/p>\n\t\t\t\t\t<\/div>\n\t\t\t\t\n\t\t\t\t\t\t\t<\/div>\n\t\t<\/div>\n\t\t\t\t\t\t<\/div>\n\t\t\t\t<\/div>\n\t\t\t\t<div class=\"elementor-element elementor-element-9c4d0c9 elementor-author-box--layout-image-left elementor-author-box--image-valign-top elementor-widget elementor-widget-author-box\" data-id=\"9c4d0c9\" data-element_type=\"widget\" data-e-type=\"widget\" data-widget_type=\"author-box.default\">\n\t\t\t\t<div class=\"elementor-widget-container\">\n\t\t\t\t\t\t\t<div class=\"elementor-author-box\">\n\t\t\t\t\t\t\t<div  class=\"elementor-author-box__avatar\">\n\t\t\t\t\t<img decoding=\"async\" src=\"https:\/\/rendezvous-vda.it\/wp-content\/uploads\/2021\/06\/131087024_10158343265202663_4713719800710380170_n-298x300.jpg\" alt=\"Image de Claudine Brunod\" loading=\"lazy\">\n\t\t\t\t<\/div>\n\t\t\t\n\t\t\t<div class=\"elementor-author-box__text\">\n\t\t\t\t\t\t\t\t\t<div >\n\t\t\t\t\t\t<h4 class=\"elementor-author-box__name\">\n\t\t\t\t\t\t\tClaudine Brunod\t\t\t\t\t\t<\/h4>\n\t\t\t\t\t<\/div>\n\t\t\t\t\n\t\t\t\t\t\t\t\t\t<div class=\"elementor-author-box__bio\">\n\t\t\t\t\t\t<p>Journaliste et interpr\u00e8te<\/p>\n\t\t\t\t\t<\/div>\n\t\t\t\t\n\t\t\t\t\t\t\t<\/div>\n\t\t<\/div>\n\t\t\t\t\t\t<\/div>\n\t\t\t\t<\/div>\n\t\t\t\t<div class=\"elementor-element elementor-element-826ea87 elementor-author-box--layout-image-left elementor-author-box--image-valign-top elementor-widget elementor-widget-author-box\" data-id=\"826ea87\" data-element_type=\"widget\" data-e-type=\"widget\" data-widget_type=\"author-box.default\">\n\t\t\t\t<div class=\"elementor-widget-container\">\n\t\t\t\t\t\t\t<div class=\"elementor-author-box\">\n\t\t\t\t\t\t\t<div  class=\"elementor-author-box__avatar\">\n\t\t\t\t\t<img decoding=\"async\" src=\"https:\/\/rendezvous-vda.it\/wp-content\/uploads\/2021\/06\/176107529_10161325637718973_8026282623784368882_n-300x284.jpg\" alt=\"Image de Estelle Baur\" loading=\"lazy\">\n\t\t\t\t<\/div>\n\t\t\t\n\t\t\t<div class=\"elementor-author-box__text\">\n\t\t\t\t\t\t\t\t\t<div >\n\t\t\t\t\t\t<h4 class=\"elementor-author-box__name\">\n\t\t\t\t\t\t\tEstelle Baur\t\t\t\t\t\t<\/h4>\n\t\t\t\t\t<\/div>\n\t\t\t\t\n\t\t\t\t\t\t\t\t\t<div class=\"elementor-author-box__bio\">\n\t\t\t\t\t\t<p>Journaliste<\/p>\n\t\t\t\t\t<\/div>\n\t\t\t\t\n\t\t\t\t\t\t\t<\/div>\n\t\t<\/div>\n\t\t\t\t\t\t<\/div>\n\t\t\t\t<\/div>\n\t\t\t\t<div class=\"elementor-element elementor-element-c6dd794 elementor-author-box--layout-image-left elementor-author-box--image-valign-top elementor-widget elementor-widget-author-box\" data-id=\"c6dd794\" data-element_type=\"widget\" data-e-type=\"widget\" data-widget_type=\"author-box.default\">\n\t\t\t\t<div class=\"elementor-widget-container\">\n\t\t\t\t\t\t\t<div class=\"elementor-author-box\">\n\t\t\t\t\t\t\t<div  class=\"elementor-author-box__avatar\">\n\t\t\t\t\t<img decoding=\"async\" src=\"https:\/\/rendezvous-vda.it\/wp-content\/uploads\/2025\/09\/Arabella-Pezza-254x300.jpg\" alt=\"Image de Arabella Pezza\" loading=\"lazy\">\n\t\t\t\t<\/div>\n\t\t\t\n\t\t\t<div class=\"elementor-author-box__text\">\n\t\t\t\t\t\t\t\t\t<div >\n\t\t\t\t\t\t<h4 class=\"elementor-author-box__name\">\n\t\t\t\t\t\t\tArabella Pezza\t\t\t\t\t\t<\/h4>\n\t\t\t\t\t<\/div>\n\t\t\t\t\n\t\t\t\t\t\t\t\t\t<div class=\"elementor-author-box__bio\">\n\t\t\t\t\t\t<p>Journaliste<\/p>\n\t\t\t\t\t<\/div>\n\t\t\t\t\n\t\t\t\t\t\t\t<\/div>\n\t\t<\/div>\n\t\t\t\t\t\t<\/div>\n\t\t\t\t<\/div>\n\t\t\t\t<div class=\"elementor-element elementor-element-1be5ee2 elementor-author-box--layout-image-left elementor-author-box--image-valign-top elementor-widget elementor-widget-author-box\" data-id=\"1be5ee2\" data-element_type=\"widget\" data-e-type=\"widget\" data-widget_type=\"author-box.default\">\n\t\t\t\t<div class=\"elementor-widget-container\">\n\t\t\t\t\t\t\t<div class=\"elementor-author-box\">\n\t\t\t\t\t\t\t<div  class=\"elementor-author-box__avatar\">\n\t\t\t\t\t<img decoding=\"async\" src=\"https:\/\/rendezvous-vda.it\/wp-content\/uploads\/2026\/03\/Andrea-Chiericato-1-300x300.jpg\" alt=\"Image de Andrea Chiericato\" loading=\"lazy\">\n\t\t\t\t<\/div>\n\t\t\t\n\t\t\t<div class=\"elementor-author-box__text\">\n\t\t\t\t\t\t\t\t\t<div >\n\t\t\t\t\t\t<h4 class=\"elementor-author-box__name\">\n\t\t\t\t\t\t\tAndrea Chiericato\t\t\t\t\t\t<\/h4>\n\t\t\t\t\t<\/div>\n\t\t\t\t\n\t\t\t\t\t\t\t\t\t<div class=\"elementor-author-box__bio\">\n\t\t\t\t\t\t<p>Journaliste et auteur<\/p>\n\t\t\t\t\t<\/div>\n\t\t\t\t\n\t\t\t\t\t\t\t<\/div>\n\t\t<\/div>\n\t\t\t\t\t\t<\/div>\n\t\t\t\t<\/div>\n\t\t\t\t<div class=\"elementor-element elementor-element-405638f elementor-author-box--layout-image-left elementor-author-box--image-valign-top elementor-widget elementor-widget-author-box\" data-id=\"405638f\" data-element_type=\"widget\" data-e-type=\"widget\" data-widget_type=\"author-box.default\">\n\t\t\t\t<div class=\"elementor-widget-container\">\n\t\t\t\t\t\t\t<div class=\"elementor-author-box\">\n\t\t\t\t\t\t\t<div  class=\"elementor-author-box__avatar\">\n\t\t\t\t\t<img decoding=\"async\" src=\"https:\/\/rendezvous-vda.it\/wp-content\/uploads\/2023\/11\/Denis-Falconieri-300x221.jpg\" alt=\"Image de Denis Falconieri\" loading=\"lazy\">\n\t\t\t\t<\/div>\n\t\t\t\n\t\t\t<div class=\"elementor-author-box__text\">\n\t\t\t\t\t\t\t\t\t<div >\n\t\t\t\t\t\t<h4 class=\"elementor-author-box__name\">\n\t\t\t\t\t\t\tDenis Falconieri\t\t\t\t\t\t<\/h4>\n\t\t\t\t\t<\/div>\n\t\t\t\t\n\t\t\t\t\t\t\t\t\t<div class=\"elementor-author-box__bio\">\n\t\t\t\t\t\t<p>Journaliste et auteur<\/p>\n\t\t\t\t\t<\/div>\n\t\t\t\t\n\t\t\t\t\t\t\t<\/div>\n\t\t<\/div>\n\t\t\t\t\t\t<\/div>\n\t\t\t\t<\/div>\n\t\t\t\t<div class=\"elementor-element elementor-element-72609d4 elementor-author-box--layout-image-left elementor-author-box--image-valign-top elementor-widget elementor-widget-author-box\" data-id=\"72609d4\" data-element_type=\"widget\" data-e-type=\"widget\" data-widget_type=\"author-box.default\">\n\t\t\t\t<div class=\"elementor-widget-container\">\n\t\t\t\t\t\t\t<div class=\"elementor-author-box\">\n\t\t\t\t\t\t\t<div  class=\"elementor-author-box__avatar\">\n\t\t\t\t\t<img decoding=\"async\" src=\"https:\/\/rendezvous-vda.it\/wp-content\/uploads\/2021\/06\/84B69F51-040E-41E3-BC1D-0BCC2893DC78-300x292.jpg\" alt=\"Image de Marco Albarello\" loading=\"lazy\">\n\t\t\t\t<\/div>\n\t\t\t\n\t\t\t<div class=\"elementor-author-box__text\">\n\t\t\t\t\t\t\t\t\t<div >\n\t\t\t\t\t\t<h4 class=\"elementor-author-box__name\">\n\t\t\t\t\t\t\tMarco Albarello\t\t\t\t\t\t<\/h4>\n\t\t\t\t\t<\/div>\n\t\t\t\t\n\t\t\t\t\t\t\t\t\t<div class=\"elementor-author-box__bio\">\n\t\t\t\t\t\t<p>Responsable de grands \u00e9v\u00e9nements sportifs R\u00e9gion Autonome Vall\u00e9e d'Aoste.<\/p>\n\t\t\t\t\t<\/div>\n\t\t\t\t\n\t\t\t\t\t\t\t<\/div>\n\t\t<\/div>\n\t\t\t\t\t\t<\/div>\n\t\t\t\t<\/div>\n\t\t\t\t<div class=\"elementor-element elementor-element-2a24b2c elementor-author-box--layout-image-left elementor-author-box--image-valign-top elementor-widget elementor-widget-author-box\" data-id=\"2a24b2c\" data-element_type=\"widget\" data-e-type=\"widget\" data-widget_type=\"author-box.default\">\n\t\t\t\t<div class=\"elementor-widget-container\">\n\t\t\t\t\t\t\t<div class=\"elementor-author-box\">\n\t\t\t\t\t\t\t<div  class=\"elementor-author-box__avatar\">\n\t\t\t\t\t<img decoding=\"async\" src=\"https:\/\/rendezvous-vda.it\/wp-content\/uploads\/2021\/07\/50DD4382-8D19-4598-AA48-51BC58039842-1-300x276.jpg\" alt=\"Image de Andrea Zannella\" loading=\"lazy\">\n\t\t\t\t<\/div>\n\t\t\t\n\t\t\t<div class=\"elementor-author-box__text\">\n\t\t\t\t\t\t\t\t\t<div >\n\t\t\t\t\t\t<h4 class=\"elementor-author-box__name\">\n\t\t\t\t\t\t\tAndrea Zannella\t\t\t\t\t\t<\/h4>\n\t\t\t\t\t<\/div>\n\t\t\t\t\n\t\t\t\t\t\t\t\t\t<div class=\"elementor-author-box__bio\">\n\t\t\t\t\t\t<p>Artiste et photographe freelance.<\/p>\n\t\t\t\t\t<\/div>\n\t\t\t\t\n\t\t\t\t\t\t\t<\/div>\n\t\t<\/div>\n\t\t\t\t\t\t<\/div>\n\t\t\t\t<\/div>\n\t\t\t\t<div class=\"elementor-element elementor-element-53d3239 elementor-widget elementor-widget-text-editor\" data-id=\"53d3239\" data-element_type=\"widget\" data-e-type=\"widget\" data-widget_type=\"text-editor.default\">\n\t\t\t\t<div class=\"elementor-widget-container\">\n\t\t\t\t\t\t\t\t\t<p>Partenaires:<\/p><ul><li>Association\u00a0des\u00a0h\u00f4teliers\u00a0et des\u00a0entreprises touristiques\u00a0de la\u00a0Vall\u00e9e d&rsquo;Aost<em>e <\/em>A.D.A.V.A.,<\/li><li>Fondation Grand Paradis,<\/li><li>Institut Vald\u00f4tain de l\u2019Artisanat de Tradition I.V.A.T.,<\/li><li>Parc National du Grand Paradis,<\/li><li>Parc Naturel Mont Avic<\/li><li>TurismOK Management &amp; Marketing.<\/li><\/ul><p>Enr\u00e9gistrement Tribunal d&rsquo;Aoste 28\/07 11 janvier 2008<\/p><p>Num\u00e9ro enr\u00e9gistrement R.O.C 35346<\/p>\t\t\t\t\t\t\t\t<\/div>\n\t\t\t\t<\/div>\n\t\t\t\t\t<\/div>\n\t\t<\/div>\n\t\t\t\t\t<\/div>\n\t\t<\/section>\n\t\t\t\t<section class=\"elementor-section elementor-top-section elementor-element elementor-element-d3ee293 elementor-section-boxed elementor-section-height-default elementor-section-height-default\" data-id=\"d3ee293\" data-element_type=\"section\" data-e-type=\"section\">\n\t\t\t\t\t\t<div class=\"elementor-container elementor-column-gap-default\">\n\t\t\t\t\t<div class=\"elementor-column elementor-col-50 elementor-top-column elementor-element elementor-element-05c719c\" data-id=\"05c719c\" data-element_type=\"column\" data-e-type=\"column\">\n\t\t\t<div class=\"elementor-widget-wrap elementor-element-populated\">\n\t\t\t\t\t\t<div class=\"elementor-element elementor-element-efb2e0b elementor-widget elementor-widget-heading\" data-id=\"efb2e0b\" data-element_type=\"widget\" data-e-type=\"widget\" data-widget_type=\"heading.default\">\n\t\t\t\t<div class=\"elementor-widget-container\">\n\t\t\t\t\t<h2 class=\"elementor-heading-title elementor-size-default\">QUI SOMMES-NOUS<\/h2>\t\t\t\t<\/div>\n\t\t\t\t<\/div>\n\t\t\t\t\t<\/div>\n\t\t<\/div>\n\t\t\t\t<div class=\"elementor-column elementor-col-50 elementor-top-column elementor-element elementor-element-b2cccfe\" data-id=\"b2cccfe\" data-element_type=\"column\" data-e-type=\"column\">\n\t\t\t<div class=\"elementor-widget-wrap elementor-element-populated\">\n\t\t\t\t\t\t<div class=\"elementor-element elementor-element-a394f17 elementor-widget elementor-widget-text-editor\" data-id=\"a394f17\" data-element_type=\"widget\" data-e-type=\"widget\" data-widget_type=\"text-editor.default\">\n\t\t\t\t<div class=\"elementor-widget-container\">\n\t\t\t\t\t\t\t\t\t<p><strong>Rendez-Vous en Vall\u00e9e d&rsquo;Aoste<\/strong> na\u00eet en 2016 comme revue en langue fran\u00e7aise d\u00e9di\u00e9e \u00e0 la R\u00e9gion Vall\u00e9e d&rsquo;Aoste, avec une attention particuli\u00e8re port\u00e9e \u00e0 l&rsquo;art, \u00e0 la culture, au sport, aux traditions et \u00e0 l&rsquo;oenogastronomie.<\/p><p>Aujourd&rsquo;hui, c&rsquo;est un <strong>magazine bimensuelle<\/strong> bilingue (italien-fran\u00e7ais) papier et num\u00e9rique toujours consacr\u00e9 aux beaut\u00e9s du territoire, aux \u00e9v\u00e9nements et aux entreprises qui animent la r\u00e9gion.<\/p><p>L&rsquo;\u00e9dition num\u00e9rique enregistre environ <strong>11&rsquo;000 t\u00e9l\u00e9chargements<\/strong> par \u00e9dition et dispose d&rsquo;une communaut\u00e9 en croissance continue, avec plus de <strong>7&rsquo;000 abonn\u00e9s<\/strong> num\u00e9riques (IT-FR-CH).<\/p><p>Le t\u00e9l\u00e9chargement de la revue est promu \u00e0 travers des campagnes Meta Ads, en <strong>Italie<\/strong> (Vall\u00e9e d&rsquo;Aoste, Pi\u00e9mont, Lombardie et Ligurie), en <strong>Suisse<\/strong> (Vaud, Valais, Gen\u00e8ve et Berne) et en <strong>France<\/strong> (Haute-Savoie).<\/p><p><strong>L&rsquo;\u00e9dition papier<\/strong> (environ 5&rsquo;000 exemplaires) est diffus\u00e9e en Vall\u00e9e d&rsquo;Aoste \u00e0 travers un r\u00e9seau de commerces s\u00e9lectionn\u00e9s, envoy\u00e9e aux abonn\u00e9s postaux d&rsquo;Italie, \u00e0 toutes les structures d&rsquo;h\u00e9bergement associ\u00e9es \u00e0 l&rsquo;A.D.A.V.A. et \u00e0 toutes les administrations communales de la Vall\u00e9e d&rsquo;Aoste.<\/p><p>Rendez-Vous en Vall\u00e9e d\u2019Aoste est \u00e9galement sur <a href=\"https:\/\/www.facebook.com\/rendezvousvda\" target=\"_blank\" rel=\"noopener\"><strong>Facebook<\/strong><\/a> avec plus de 14&rsquo;000 followers et sur <strong><a href=\"https:\/\/www.instagram.com\/rendezvousvda\/\" target=\"_blank\" rel=\"noopener\">Instagram.<\/a><\/strong><\/p>\t\t\t\t\t\t\t\t<\/div>\n\t\t\t\t<\/div>\n\t\t\t\t\t<\/div>\n\t\t<\/div>\n\t\t\t\t\t<\/div>\n\t\t<\/section>\n\t\t\t\t<section class=\"elementor-section elementor-top-section elementor-element elementor-element-443ae05 elementor-section-boxed elementor-section-height-default elementor-section-height-default\" data-id=\"443ae05\" data-element_type=\"section\" data-e-type=\"section\">\n\t\t\t\t\t\t<div class=\"elementor-container elementor-column-gap-default\">\n\t\t\t\t\t<div class=\"elementor-column elementor-col-50 elementor-top-column elementor-element elementor-element-8cd980b\" data-id=\"8cd980b\" data-element_type=\"column\" data-e-type=\"column\">\n\t\t\t<div class=\"elementor-widget-wrap elementor-element-populated\">\n\t\t\t\t\t\t<div class=\"elementor-element elementor-element-7892882 elementor-widget elementor-widget-heading\" data-id=\"7892882\" data-element_type=\"widget\" data-e-type=\"widget\" data-widget_type=\"heading.default\">\n\t\t\t\t<div class=\"elementor-widget-container\">\n\t\t\t\t\t<h2 class=\"elementor-heading-title elementor-size-default\">Programme FESR (Fondo Europeo di Sviluppo Regionale)\nAide \u00e0 l'innovation.<br><\/h2>\t\t\t\t<\/div>\n\t\t\t\t<\/div>\n\t\t\t\t<div class=\"elementor-element elementor-element-6d57e52 elementor-widget elementor-widget-image\" data-id=\"6d57e52\" data-element_type=\"widget\" data-e-type=\"widget\" data-widget_type=\"image.default\">\n\t\t\t\t<div class=\"elementor-widget-container\">\n\t\t\t\t\t\t\t\t\t\t\t\t\t\t\t<img fetchpriority=\"high\" decoding=\"async\" width=\"1500\" height=\"2121\" src=\"https:\/\/rendezvous-vda.it\/wp-content\/uploads\/2021\/06\/aiuto-allinnovazione-gedirama.jpg\" class=\"attachment-full size-full wp-image-2038\" alt=\"\" srcset=\"https:\/\/rendezvous-vda.it\/wp-content\/uploads\/2021\/06\/aiuto-allinnovazione-gedirama.jpg 1500w, https:\/\/rendezvous-vda.it\/wp-content\/uploads\/2021\/06\/aiuto-allinnovazione-gedirama-212x300.jpg 212w, https:\/\/rendezvous-vda.it\/wp-content\/uploads\/2021\/06\/aiuto-allinnovazione-gedirama-724x1024.jpg 724w, https:\/\/rendezvous-vda.it\/wp-content\/uploads\/2021\/06\/aiuto-allinnovazione-gedirama-768x1086.jpg 768w, https:\/\/rendezvous-vda.it\/wp-content\/uploads\/2021\/06\/aiuto-allinnovazione-gedirama-1086x1536.jpg 1086w, https:\/\/rendezvous-vda.it\/wp-content\/uploads\/2021\/06\/aiuto-allinnovazione-gedirama-1448x2048.jpg 1448w\" sizes=\"(max-width: 1500px) 100vw, 1500px\" \/>\t\t\t\t\t\t\t\t\t\t\t\t\t\t\t<\/div>\n\t\t\t\t<\/div>\n\t\t\t\t\t<\/div>\n\t\t<\/div>\n\t\t\t\t<div class=\"elementor-column elementor-col-50 elementor-top-column elementor-element elementor-element-63e73da\" data-id=\"63e73da\" data-element_type=\"column\" data-e-type=\"column\">\n\t\t\t<div class=\"elementor-widget-wrap elementor-element-populated\">\n\t\t\t\t\t\t<div class=\"elementor-element elementor-element-7e75e5f elementor-widget elementor-widget-text-editor\" data-id=\"7e75e5f\" data-element_type=\"widget\" data-e-type=\"widget\" data-widget_type=\"text-editor.default\">\n\t\t\t\t<div class=\"elementor-widget-container\">\n\t\t\t\t\t\t\t\t\t<p>L\u2019\u00e9volution web de \u00ab\u00a0Rendez-Vous en Vall\u00e9e d\u2019Aoste\u00a0\u00bb, projet \u00e9ditorial de Gedirama Srl, a \u00e9t\u00e9 soutenu par le programme investissements pour la croissance et l\u2019emploi 2014\\20 (FESR &#8211; Fondo Europeo Sviluppo Regionale).<\/p>\t\t\t\t\t\t\t\t<\/div>\n\t\t\t\t<\/div>\n\t\t\t\t\t<\/div>\n\t\t<\/div>\n\t\t\t\t\t<\/div>\n\t\t<\/section>\n\t\t\t\t<section class=\"elementor-section elementor-top-section elementor-element elementor-element-fa049f9 elementor-section-boxed elementor-section-height-default elementor-section-height-default\" data-id=\"fa049f9\" data-element_type=\"section\" data-e-type=\"section\">\n\t\t\t\t\t\t<div class=\"elementor-container elementor-column-gap-default\">\n\t\t\t\t\t<div class=\"elementor-column elementor-col-50 elementor-top-column elementor-element elementor-element-a97548c\" data-id=\"a97548c\" data-element_type=\"column\" data-e-type=\"column\">\n\t\t\t<div class=\"elementor-widget-wrap\">\n\t\t\t\t\t\t\t<\/div>\n\t\t<\/div>\n\t\t\t\t<div class=\"elementor-column elementor-col-50 elementor-top-column elementor-element elementor-element-b0dff6c\" data-id=\"b0dff6c\" data-element_type=\"column\" data-e-type=\"column\">\n\t\t\t<div class=\"elementor-widget-wrap\">\n\t\t\t\t\t\t\t<\/div>\n\t\t<\/div>\n\t\t\t\t\t<\/div>\n\t\t<\/section>\n\t\t\t\t<\/div>\n\t\t","protected":false},"excerpt":{"rendered":"<p>LA R\u00c9DACTION Partenaires: Association\u00a0des\u00a0h\u00f4teliers\u00a0et des\u00a0entreprises touristiques\u00a0de la\u00a0Vall\u00e9e d&rsquo;Aoste A.D.A.V.A., Fondation Grand Paradis, Institut Vald\u00f4tain de l\u2019Artisanat de Tradition I.V.A.T., Parc National du Grand Paradis, Parc Naturel Mont Avic TurismOK Management &amp; Marketing. Enr\u00e9gistrement Tribunal d&rsquo;Aoste 28\/07 11 janvier 2008 Num\u00e9ro enr\u00e9gistrement R.O.C 35346 QUI SOMMES-NOUS Rendez-Vous en Vall\u00e9e d&rsquo;Aoste na\u00eet en 2016 comme revue en [&hellip;]<\/p>\n","protected":false},"author":1,"featured_media":0,"parent":0,"menu_order":0,"comment_status":"closed","ping_status":"closed","template":"elementor_header_footer","meta":{"footnotes":""},"class_list":["post-2036","page","type-page","status-publish","hentry"],"yoast_head":"<!-- This site is optimized with the Yoast SEO plugin v27.4 - https:\/\/yoast.com\/product\/yoast-seo-wordpress\/ -->\n<title>Qui sommes-nous - Rendez Vous en Vall\u00e9e d Aoste<\/title>\n<meta name=\"robots\" content=\"index, follow, max-snippet:-1, max-image-preview:large, max-video-preview:-1\" \/>\n<link rel=\"canonical\" href=\"https:\/\/rendezvous-vda.it\/fr\/qui-sommes-nous\/\" \/>\n<meta property=\"og:locale\" content=\"fr_FR\" \/>\n<meta property=\"og:type\" content=\"article\" \/>\n<meta property=\"og:title\" content=\"Qui sommes-nous - Rendez Vous en Vall\u00e9e d Aoste\" \/>\n<meta property=\"og:description\" content=\"LA R\u00c9DACTION Partenaires: Association\u00a0des\u00a0h\u00f4teliers\u00a0et des\u00a0entreprises touristiques\u00a0de la\u00a0Vall\u00e9e d&rsquo;Aoste A.D.A.V.A., Fondation Grand Paradis, Institut Vald\u00f4tain de l\u2019Artisanat de Tradition I.V.A.T., Parc National du Grand Paradis, Parc Naturel Mont Avic TurismOK Management &amp; Marketing. Enr\u00e9gistrement Tribunal d&rsquo;Aoste 28\/07 11 janvier 2008 Num\u00e9ro enr\u00e9gistrement R.O.C 35346 QUI SOMMES-NOUS Rendez-Vous en Vall\u00e9e d&rsquo;Aoste na\u00eet en 2016 comme revue en [&hellip;]\" \/>\n<meta property=\"og:url\" content=\"https:\/\/rendezvous-vda.it\/fr\/qui-sommes-nous\/\" \/>\n<meta property=\"og:site_name\" content=\"Rendez Vous en Vall\u00e9e d Aoste\" \/>\n<meta property=\"article:modified_time\" content=\"2026-03-16T08:41:49+00:00\" \/>\n<meta property=\"og:image\" content=\"https:\/\/rendezvous-vda.it\/wp-content\/uploads\/2021\/09\/FB-1200x630-3.jpg\" \/>\n\t<meta property=\"og:image:width\" content=\"1200\" \/>\n\t<meta property=\"og:image:height\" content=\"630\" \/>\n\t<meta property=\"og:image:type\" content=\"image\/jpeg\" \/>\n<meta name=\"twitter:card\" content=\"summary_large_image\" \/>\n<meta name=\"twitter:label1\" content=\"Dur\u00e9e de lecture estim\u00e9e\" \/>\n\t<meta name=\"twitter:data1\" content=\"4 minutes\" \/>\n<script type=\"application\/ld+json\" class=\"yoast-schema-graph\">{\"@context\":\"https:\\\/\\\/schema.org\",\"@graph\":[{\"@type\":\"WebPage\",\"@id\":\"https:\\\/\\\/rendezvous-vda.it\\\/fr\\\/qui-sommes-nous\\\/\",\"url\":\"https:\\\/\\\/rendezvous-vda.it\\\/fr\\\/qui-sommes-nous\\\/\",\"name\":\"Qui sommes-nous - Rendez Vous en Vall\u00e9e d Aoste\",\"isPartOf\":{\"@id\":\"https:\\\/\\\/rendezvous-vda.it\\\/#website\"},\"primaryImageOfPage\":{\"@id\":\"https:\\\/\\\/rendezvous-vda.it\\\/fr\\\/qui-sommes-nous\\\/#primaryimage\"},\"image\":{\"@id\":\"https:\\\/\\\/rendezvous-vda.it\\\/fr\\\/qui-sommes-nous\\\/#primaryimage\"},\"thumbnailUrl\":\"https:\\\/\\\/rendezvous-vda.it\\\/wp-content\\\/uploads\\\/2021\\\/06\\\/aiuto-allinnovazione-gedirama.jpg\",\"datePublished\":\"2021-07-01T13:37:27+00:00\",\"dateModified\":\"2026-03-16T08:41:49+00:00\",\"breadcrumb\":{\"@id\":\"https:\\\/\\\/rendezvous-vda.it\\\/fr\\\/qui-sommes-nous\\\/#breadcrumb\"},\"inLanguage\":\"fr-FR\",\"potentialAction\":[{\"@type\":\"ReadAction\",\"target\":[\"https:\\\/\\\/rendezvous-vda.it\\\/fr\\\/qui-sommes-nous\\\/\"]}]},{\"@type\":\"ImageObject\",\"inLanguage\":\"fr-FR\",\"@id\":\"https:\\\/\\\/rendezvous-vda.it\\\/fr\\\/qui-sommes-nous\\\/#primaryimage\",\"url\":\"https:\\\/\\\/rendezvous-vda.it\\\/wp-content\\\/uploads\\\/2021\\\/06\\\/aiuto-allinnovazione-gedirama.jpg\",\"contentUrl\":\"https:\\\/\\\/rendezvous-vda.it\\\/wp-content\\\/uploads\\\/2021\\\/06\\\/aiuto-allinnovazione-gedirama.jpg\"},{\"@type\":\"BreadcrumbList\",\"@id\":\"https:\\\/\\\/rendezvous-vda.it\\\/fr\\\/qui-sommes-nous\\\/#breadcrumb\",\"itemListElement\":[{\"@type\":\"ListItem\",\"position\":1,\"name\":\"Home\",\"item\":\"https:\\\/\\\/rendezvous-vda.it\\\/fr\\\/\"},{\"@type\":\"ListItem\",\"position\":2,\"name\":\"Qui sommes-nous\"}]},{\"@type\":\"WebSite\",\"@id\":\"https:\\\/\\\/rendezvous-vda.it\\\/#website\",\"url\":\"https:\\\/\\\/rendezvous-vda.it\\\/\",\"name\":\"Rendez Vous en Vall\u00e9e d Aoste\",\"description\":\"Arte, Cultura, Sport, Tradizioni, Enogastronomia, Tempo libero...\",\"publisher\":{\"@id\":\"https:\\\/\\\/rendezvous-vda.it\\\/#organization\"},\"potentialAction\":[{\"@type\":\"SearchAction\",\"target\":{\"@type\":\"EntryPoint\",\"urlTemplate\":\"https:\\\/\\\/rendezvous-vda.it\\\/?s={search_term_string}\"},\"query-input\":{\"@type\":\"PropertyValueSpecification\",\"valueRequired\":true,\"valueName\":\"search_term_string\"}}],\"inLanguage\":\"fr-FR\"},{\"@type\":\"Organization\",\"@id\":\"https:\\\/\\\/rendezvous-vda.it\\\/#organization\",\"name\":\"Rendez Vous en Vall\u00e9e d Aoste\",\"url\":\"https:\\\/\\\/rendezvous-vda.it\\\/\",\"logo\":{\"@type\":\"ImageObject\",\"inLanguage\":\"fr-FR\",\"@id\":\"https:\\\/\\\/rendezvous-vda.it\\\/#\\\/schema\\\/logo\\\/image\\\/\",\"url\":\"https:\\\/\\\/rendezvous-vda.it\\\/wp-content\\\/uploads\\\/2021\\\/05\\\/R.V_ITA-450.png\",\"contentUrl\":\"https:\\\/\\\/rendezvous-vda.it\\\/wp-content\\\/uploads\\\/2021\\\/05\\\/R.V_ITA-450.png\",\"width\":450,\"height\":83,\"caption\":\"Rendez Vous en Vall\u00e9e d Aoste\"},\"image\":{\"@id\":\"https:\\\/\\\/rendezvous-vda.it\\\/#\\\/schema\\\/logo\\\/image\\\/\"}}]}<\/script>\n<!-- \/ Yoast SEO plugin. -->","yoast_head_json":{"title":"Qui sommes-nous - Rendez Vous en Vall\u00e9e d Aoste","robots":{"index":"index","follow":"follow","max-snippet":"max-snippet:-1","max-image-preview":"max-image-preview:large","max-video-preview":"max-video-preview:-1"},"canonical":"https:\/\/rendezvous-vda.it\/fr\/qui-sommes-nous\/","og_locale":"fr_FR","og_type":"article","og_title":"Qui sommes-nous - Rendez Vous en Vall\u00e9e d Aoste","og_description":"LA R\u00c9DACTION Partenaires: Association\u00a0des\u00a0h\u00f4teliers\u00a0et des\u00a0entreprises touristiques\u00a0de la\u00a0Vall\u00e9e d&rsquo;Aoste A.D.A.V.A., Fondation Grand Paradis, Institut Vald\u00f4tain de l\u2019Artisanat de Tradition I.V.A.T., Parc National du Grand Paradis, Parc Naturel Mont Avic TurismOK Management &amp; Marketing. Enr\u00e9gistrement Tribunal d&rsquo;Aoste 28\/07 11 janvier 2008 Num\u00e9ro enr\u00e9gistrement R.O.C 35346 QUI SOMMES-NOUS Rendez-Vous en Vall\u00e9e d&rsquo;Aoste na\u00eet en 2016 comme revue en [&hellip;]","og_url":"https:\/\/rendezvous-vda.it\/fr\/qui-sommes-nous\/","og_site_name":"Rendez Vous en Vall\u00e9e d Aoste","article_modified_time":"2026-03-16T08:41:49+00:00","og_image":[{"width":1200,"height":630,"url":"https:\/\/rendezvous-vda.it\/wp-content\/uploads\/2021\/09\/FB-1200x630-3.jpg","type":"image\/jpeg"}],"twitter_card":"summary_large_image","twitter_misc":{"Dur\u00e9e de lecture estim\u00e9e":"4 minutes"},"schema":{"@context":"https:\/\/schema.org","@graph":[{"@type":"WebPage","@id":"https:\/\/rendezvous-vda.it\/fr\/qui-sommes-nous\/","url":"https:\/\/rendezvous-vda.it\/fr\/qui-sommes-nous\/","name":"Qui sommes-nous - Rendez Vous en Vall\u00e9e d Aoste","isPartOf":{"@id":"https:\/\/rendezvous-vda.it\/#website"},"primaryImageOfPage":{"@id":"https:\/\/rendezvous-vda.it\/fr\/qui-sommes-nous\/#primaryimage"},"image":{"@id":"https:\/\/rendezvous-vda.it\/fr\/qui-sommes-nous\/#primaryimage"},"thumbnailUrl":"https:\/\/rendezvous-vda.it\/wp-content\/uploads\/2021\/06\/aiuto-allinnovazione-gedirama.jpg","datePublished":"2021-07-01T13:37:27+00:00","dateModified":"2026-03-16T08:41:49+00:00","breadcrumb":{"@id":"https:\/\/rendezvous-vda.it\/fr\/qui-sommes-nous\/#breadcrumb"},"inLanguage":"fr-FR","potentialAction":[{"@type":"ReadAction","target":["https:\/\/rendezvous-vda.it\/fr\/qui-sommes-nous\/"]}]},{"@type":"ImageObject","inLanguage":"fr-FR","@id":"https:\/\/rendezvous-vda.it\/fr\/qui-sommes-nous\/#primaryimage","url":"https:\/\/rendezvous-vda.it\/wp-content\/uploads\/2021\/06\/aiuto-allinnovazione-gedirama.jpg","contentUrl":"https:\/\/rendezvous-vda.it\/wp-content\/uploads\/2021\/06\/aiuto-allinnovazione-gedirama.jpg"},{"@type":"BreadcrumbList","@id":"https:\/\/rendezvous-vda.it\/fr\/qui-sommes-nous\/#breadcrumb","itemListElement":[{"@type":"ListItem","position":1,"name":"Home","item":"https:\/\/rendezvous-vda.it\/fr\/"},{"@type":"ListItem","position":2,"name":"Qui sommes-nous"}]},{"@type":"WebSite","@id":"https:\/\/rendezvous-vda.it\/#website","url":"https:\/\/rendezvous-vda.it\/","name":"Rendez Vous en Vall\u00e9e d Aoste","description":"Arte, Cultura, Sport, Tradizioni, Enogastronomia, Tempo libero...","publisher":{"@id":"https:\/\/rendezvous-vda.it\/#organization"},"potentialAction":[{"@type":"SearchAction","target":{"@type":"EntryPoint","urlTemplate":"https:\/\/rendezvous-vda.it\/?s={search_term_string}"},"query-input":{"@type":"PropertyValueSpecification","valueRequired":true,"valueName":"search_term_string"}}],"inLanguage":"fr-FR"},{"@type":"Organization","@id":"https:\/\/rendezvous-vda.it\/#organization","name":"Rendez Vous en Vall\u00e9e d Aoste","url":"https:\/\/rendezvous-vda.it\/","logo":{"@type":"ImageObject","inLanguage":"fr-FR","@id":"https:\/\/rendezvous-vda.it\/#\/schema\/logo\/image\/","url":"https:\/\/rendezvous-vda.it\/wp-content\/uploads\/2021\/05\/R.V_ITA-450.png","contentUrl":"https:\/\/rendezvous-vda.it\/wp-content\/uploads\/2021\/05\/R.V_ITA-450.png","width":450,"height":83,"caption":"Rendez Vous en Vall\u00e9e d Aoste"},"image":{"@id":"https:\/\/rendezvous-vda.it\/#\/schema\/logo\/image\/"}}]}},"_links":{"self":[{"href":"https:\/\/rendezvous-vda.it\/fr\/wp-json\/wp\/v2\/pages\/2036","targetHints":{"allow":["GET"]}}],"collection":[{"href":"https:\/\/rendezvous-vda.it\/fr\/wp-json\/wp\/v2\/pages"}],"about":[{"href":"https:\/\/rendezvous-vda.it\/fr\/wp-json\/wp\/v2\/types\/page"}],"author":[{"embeddable":true,"href":"https:\/\/rendezvous-vda.it\/fr\/wp-json\/wp\/v2\/users\/1"}],"replies":[{"embeddable":true,"href":"https:\/\/rendezvous-vda.it\/fr\/wp-json\/wp\/v2\/comments?post=2036"}],"version-history":[{"count":10,"href":"https:\/\/rendezvous-vda.it\/fr\/wp-json\/wp\/v2\/pages\/2036\/revisions"}],"predecessor-version":[{"id":19222,"href":"https:\/\/rendezvous-vda.it\/fr\/wp-json\/wp\/v2\/pages\/2036\/revisions\/19222"}],"wp:attachment":[{"href":"https:\/\/rendezvous-vda.it\/fr\/wp-json\/wp\/v2\/media?parent=2036"}],"curies":[{"name":"wp","href":"https:\/\/api.w.org\/{rel}","templated":true}]}}